{"version":"1.0","provider_name":"Exaudi","provider_url":"https:\/\/exaudi.org\/it\/","author_name":"Heschel Centre for Catholic-Jewish Relations at the Catholic University of Lublin","author_url":"https:\/\/exaudi.org\/it\/author\/kul\/","title":"Il Rev. Prof. Marcin Wysocki: l\u00e0 dove ci sono i polacchi, l\u00ec c\u2019\u00e8 la tradizione del Santo Sepolcro &#8211; Exaudi","type":"rich","width":600,"height":338,"html":"<blockquote class=\"wp-embedded-content\" data-secret=\"HJDBOsdfXl\"><a href=\"https:\/\/exaudi.org\/it\/polacchi-santo-sepolcro\/\">Il Rev. Prof. Marcin Wysocki: l\u00e0 dove ci sono i polacchi, l\u00ec c\u2019\u00e8 la tradizione del Santo Sepolcro<\/a><\/blockquote><iframe sandbox=\"allow-scripts\" security=\"restricted\" src=\"https:\/\/exaudi.org\/it\/polacchi-santo-sepolcro\/embed\/#?secret=HJDBOsdfXl\" width=\"600\" height=\"338\" title=\"&#8220;Il Rev. Prof. Marcin Wysocki: l\u00e0 dove ci sono i polacchi, l\u00ec c\u2019\u00e8 la tradizione del Santo Sepolcro&#8221; &#8212; Exaudi\" data-secret=\"HJDBOsdfXl\" frameborder=\"0\" marginwidth=\"0\" marginheight=\"0\" scrolling=\"no\" class=\"wp-embedded-content\"><\/iframe><script type=\"text\/javascript\">\n\/* <![CDATA[ *\/\n\/*! This file is auto-generated *\/\n!function(d,l){\"use strict\";l.querySelector&&d.addEventListener&&\"undefined\"!=typeof URL&&(d.wp=d.wp||{},d.wp.receiveEmbedMessage||(d.wp.receiveEmbedMessage=function(e){var t=e.data;if((t||t.secret||t.message||t.value)&&!\/[^a-zA-Z0-9]\/.test(t.secret)){for(var s,r,n,a=l.querySelectorAll('iframe[data-secret=\"'+t.secret+'\"]'),o=l.querySelectorAll('blockquote[data-secret=\"'+t.secret+'\"]'),c=new RegExp(\"^https?:$\",\"i\"),i=0;i<o.length;i++)o[i].style.display=\"none\";for(i=0;i<a.length;i++)s=a[i],e.source===s.contentWindow&&(s.removeAttribute(\"style\"),\"height\"===t.message?(1e3<(r=parseInt(t.value,10))?r=1e3:~~r<200&&(r=200),s.height=r):\"link\"===t.message&&(r=new URL(s.getAttribute(\"src\")),n=new URL(t.value),c.test(n.protocol))&&n.host===r.host&&l.activeElement===s&&(d.top.location.href=t.value))}},d.addEventListener(\"message\",d.wp.receiveEmbedMessage,!1),l.addEventListener(\"DOMContentLoaded\",function(){for(var e,t,s=l.querySelectorAll(\"iframe.wp-embedded-content\"),r=0;r<s.length;r++)(t=(e=s[r]).getAttribute(\"data-secret\"))||(t=Math.random().toString(36).substring(2,12),e.src+=\"#?secret=\"+t,e.setAttribute(\"data-secret\",t)),e.contentWindow.postMessage({message:\"ready\",secret:t},\"*\")},!1)))}(window,document);\n\/\/# sourceURL=https:\/\/exaudi.org\/wp-includes\/js\/wp-embed.min.js\n\/* ]]> *\/\n<\/script>\n","thumbnail_url":"https:\/\/exaudi.org\/wp-content\/uploads\/2024\/03\/Dominican-Church-in-Warsaw-credit_FNS.jpeg","thumbnail_width":2016,"thumbnail_height":1134,"description":"Laddove c\u2019erano e ci sono i polacchi, c\u2019\u00e8 la tradizione di realizzare il Santo Sepolcro. Gli emigranti hanno portato con s\u00e9 questa tradizione. \u00c8 stato il nostro contributo alla diffusione della tradizione del Santo Sepolcro \u2013 importante e degna di essere mantenuta, perch\u00e9 fa parte della nostra cultura polacca \u2013 ha affermato il Rev. Prof. [&hellip;]"}