{"version":"1.0","provider_name":"Exaudi","provider_url":"https:\/\/exaudi.org\/es\/","author_name":"Jim Fair","author_url":"https:\/\/exaudi.org\/es\/author\/jfairexaudi-org\/","title":"El cardenal Parolin asistir\u00e1 a la COP26 en representaci\u00f3n de la Santa Sede","type":"rich","width":600,"height":338,"html":"<blockquote class=\"wp-embedded-content\" data-secret=\"sLKXFwzSEI\"><a href=\"https:\/\/exaudi.org\/es\/cardenal-parolin-cop26-representacion-santa-sede\/\">El cardenal Parolin asistir\u00e1 a la COP26 en representaci\u00f3n de la Santa Sede<\/a><\/blockquote><iframe sandbox=\"allow-scripts\" security=\"restricted\" src=\"https:\/\/exaudi.org\/es\/cardenal-parolin-cop26-representacion-santa-sede\/embed\/#?secret=sLKXFwzSEI\" width=\"600\" height=\"338\" title=\"\u00abEl cardenal Parolin asistir\u00e1 a la COP26 en representaci\u00f3n de la Santa Sede\u00bb \u2014 Exaudi\" data-secret=\"sLKXFwzSEI\" frameborder=\"0\" marginwidth=\"0\" marginheight=\"0\" scrolling=\"no\" class=\"wp-embedded-content\"><\/iframe><script type=\"text\/javascript\">\n\/* <![CDATA[ *\/\n\/*! This file is auto-generated *\/\n!function(d,l){\"use strict\";l.querySelector&&d.addEventListener&&\"undefined\"!=typeof URL&&(d.wp=d.wp||{},d.wp.receiveEmbedMessage||(d.wp.receiveEmbedMessage=function(e){var t=e.data;if((t||t.secret||t.message||t.value)&&!\/[^a-zA-Z0-9]\/.test(t.secret)){for(var s,r,n,a=l.querySelectorAll('iframe[data-secret=\"'+t.secret+'\"]'),o=l.querySelectorAll('blockquote[data-secret=\"'+t.secret+'\"]'),c=new RegExp(\"^https?:$\",\"i\"),i=0;i<o.length;i++)o[i].style.display=\"none\";for(i=0;i<a.length;i++)s=a[i],e.source===s.contentWindow&&(s.removeAttribute(\"style\"),\"height\"===t.message?(1e3<(r=parseInt(t.value,10))?r=1e3:~~r<200&&(r=200),s.height=r):\"link\"===t.message&&(r=new URL(s.getAttribute(\"src\")),n=new URL(t.value),c.test(n.protocol))&&n.host===r.host&&l.activeElement===s&&(d.top.location.href=t.value))}},d.addEventListener(\"message\",d.wp.receiveEmbedMessage,!1),l.addEventListener(\"DOMContentLoaded\",function(){for(var e,t,s=l.querySelectorAll(\"iframe.wp-embedded-content\"),r=0;r<s.length;r++)(t=(e=s[r]).getAttribute(\"data-secret\"))||(t=Math.random().toString(36).substring(2,12),e.src+=\"#?secret=\"+t,e.setAttribute(\"data-secret\",t)),e.contentWindow.postMessage({message:\"ready\",secret:t},\"*\")},!1)))}(window,document);\n\/\/# sourceURL=https:\/\/exaudi.org\/wp-includes\/js\/wp-embed.min.js\n\/* ]]> *\/\n<\/script>\n","thumbnail_url":"https:\/\/exaudi.org\/wp-content\/uploads\/2021\/10\/8e0805f4-cardenal-pietro-parolin-c-vatican-media.jpeg","thumbnail_width":1500,"thumbnail_height":844,"description":"Seg\u00fan ha anunciado Matteo Bruni, el cardenal Pietro Parolin, secretario de Estado, asistir\u00e1 a la COP26 en representaci\u00f3n de la Santa Sede."}